{"version":"1.0","provider_name":"Schweizerische Islamische Gemeinschaft - SIG","provider_url":"https:\/\/sigzentrum.ch\/tr\/","author_name":"Kamil Demirci","author_url":"https:\/\/sigzentrum.ch\/tr\/author\/kamil-demirci\/","title":"Alt\u0131n Hilal Film Festivali 15. y\u0131l\u0131n\u0131 b\u00fcy\u00fck bir co\u015fku ve gururla kutlad\u0131 - Schweizerische Islamische Gemeinschaft - SIG","type":"rich","width":600,"height":338,"html":"<blockquote class=\"wp-embedded-content\" data-secret=\"ERHhdINERL\"><a href=\"https:\/\/sigzentrum.ch\/tr\/haberler\/altin-hilal-15\/\">Alt\u0131n Hilal Film Festivali 15. y\u0131l\u0131n\u0131 b\u00fcy\u00fck bir co\u015fku ve gururla kutlad\u0131<\/a><\/blockquote><iframe sandbox=\"allow-scripts\" security=\"restricted\" src=\"https:\/\/sigzentrum.ch\/tr\/haberler\/altin-hilal-15\/embed\/#?secret=ERHhdINERL\" width=\"600\" height=\"338\" title=\"&#8220;Alt\u0131n Hilal Film Festivali 15. y\u0131l\u0131n\u0131 b\u00fcy\u00fck bir co\u015fku ve gururla kutlad\u0131&#8221; &#8212; Schweizerische Islamische Gemeinschaft - SIG\" data-secret=\"ERHhdINERL\" frameborder=\"0\" marginwidth=\"0\" marginheight=\"0\" scrolling=\"no\" class=\"wp-embedded-content\"><\/iframe><script type=\"text\/javascript\">\n\/* <![CDATA[ *\/\n\/*! This file is auto-generated *\/\n!function(d,l){\"use strict\";l.querySelector&&d.addEventListener&&\"undefined\"!=typeof URL&&(d.wp=d.wp||{},d.wp.receiveEmbedMessage||(d.wp.receiveEmbedMessage=function(e){var t=e.data;if((t||t.secret||t.message||t.value)&&!\/[^a-zA-Z0-9]\/.test(t.secret)){for(var s,r,n,a=l.querySelectorAll('iframe[data-secret=\"'+t.secret+'\"]'),o=l.querySelectorAll('blockquote[data-secret=\"'+t.secret+'\"]'),c=new RegExp(\"^https?:$\",\"i\"),i=0;i<o.length;i++)o[i].style.display=\"none\";for(i=0;i<a.length;i++)s=a[i],e.source===s.contentWindow&&(s.removeAttribute(\"style\"),\"height\"===t.message?(1e3<(r=parseInt(t.value,10))?r=1e3:~~r<200&&(r=200),s.height=r):\"link\"===t.message&&(r=new URL(s.getAttribute(\"src\")),n=new URL(t.value),c.test(n.protocol))&&n.host===r.host&&l.activeElement===s&&(d.top.location.href=t.value))}},d.addEventListener(\"message\",d.wp.receiveEmbedMessage,!1),l.addEventListener(\"DOMContentLoaded\",function(){for(var e,t,s=l.querySelectorAll(\"iframe.wp-embedded-content\"),r=0;r<s.length;r++)(t=(e=s[r]).getAttribute(\"data-secret\"))||(t=Math.random().toString(36).substring(2,12),e.src+=\"#?secret=\"+t,e.setAttribute(\"data-secret\",t)),e.contentWindow.postMessage({message:\"ready\",secret:t},\"*\")},!1)))}(window,document);\n\/\/# sourceURL=https:\/\/sigzentrum.ch\/wp-includes\/js\/wp-embed.min.js\n\/* ]]> *\/\n<\/script>\n","thumbnail_url":"https:\/\/sigzentrum.ch\/wp-content\/uploads\/2025\/12\/Festival-2.jpg","thumbnail_width":1493,"thumbnail_height":995,"description":"2009 y\u0131l\u0131nda m\u00fctevaz\u0131 bir fikir olarak temelleri at\u0131lan Alt\u0131n Hilal Film Festivali, ge\u00e7en y\u0131llar i\u00e7erisinde yerel bir gen\u00e7lik giri\u015fiminden, Avrupa \u00e7ap\u0131nda takip edilen uluslararas\u0131 bir k\u00fclt\u00fcr ve sanat markas\u0131na d\u00f6n\u00fc\u015ferek \u00f6nemli bir ba\u015far\u0131 hik\u00e2yesi yazd\u0131. Bir Fikrin Do\u011fu\u015fundan Uluslararas\u0131 Bir Markaya Alt\u0131n Hilal Film Festivali\u2019nin \u00e7\u0131k\u0131\u015f noktas\u0131, \u201cGen\u00e7ler yaln\u0131zca konu\u015fmakla kalmas\u0131n; kendi hik\u00e2yelerini kamerayla anlats\u0131nlar\u201d [&hellip;]"}